{"id":24,"date":"2026-03-16T21:48:53","date_gmt":"2026-03-16T21:48:53","guid":{"rendered":"https:\/\/www.ycodendauteradio.net\/?page_id=24"},"modified":"2026-03-31T21:11:26","modified_gmt":"2026-03-31T21:11:26","slug":"24-2","status":"publish","type":"page","link":"https:\/\/www.ycodendauteradio.net\/","title":{"rendered":""},"content":{"rendered":"<div class=\"wp-block-image\">\n<figure class=\"aligncenter size-full\"><img loading=\"lazy\" decoding=\"async\" width=\"800\" height=\"244\" src=\"https:\/\/www.ycodendauteradio.net\/wp-content\/uploads\/2026\/03\/PROGRAMAS-2025-2026.jpg\" alt=\"\" class=\"wp-image-187\" srcset=\"https:\/\/www.ycodendauteradio.net\/wp-content\/uploads\/2026\/03\/PROGRAMAS-2025-2026.jpg 800w, https:\/\/www.ycodendauteradio.net\/wp-content\/uploads\/2026\/03\/PROGRAMAS-2025-2026-300x92.jpg 300w, https:\/\/www.ycodendauteradio.net\/wp-content\/uploads\/2026\/03\/PROGRAMAS-2025-2026-768x234.jpg 768w\" sizes=\"auto, (max-width: 800px) 100vw, 800px\" \/><\/figure>\n<\/div>\n\n\n<p class=\"has-text-align-center has-text-color has-link-color wp-elements-b7aa97d7fefd88af97828d3de51231a3\" style=\"color:#7a1010;font-size:20px\"><strong>\u00daltimos programas emitidos<\/strong><\/p>\n\n\n<div class=\"automatic-youtube-gallery ayg\">\n        <ayg-theme-inline id=\"ayg-88c7aef57b7d8566d0bcd28cf9aad4ae\" class=\"ayg-theme ayg-theme-inline\" data-params=\"{&quot;uid&quot;:&quot;88c7aef57b7d8566d0bcd28cf9aad4ae&quot;,&quot;autoplay&quot;:1,&quot;loop&quot;:0,&quot;muted&quot;:0,&quot;controls&quot;:1,&quot;modestbranding&quot;:1,&quot;cc_load_policy&quot;:0,&quot;iv_load_policy&quot;:0,&quot;hl&quot;:&quot;&quot;,&quot;cc_lang_pref&quot;:&quot;&quot;,&quot;autoadvance&quot;:0}\">\n        <div class=\"ayg-videos ayg-gallery ayg-row\">\n                            <div class=\"ayg-video ayg-video-K4_4vD-qBr0 ayg-col ayg-col-3 ayg-col-xs-2\">\n                    <div class=\"ayg-thumbnail\" data-id=\"K4_4vD-qBr0\" data-title=\"30.04.2026 \/ M\u00c1S ALL\u00c1 DEL CUADRO... con L\u00e1zaro Le\u00f3n\" data-url=\"\">\n    <div class=\"ayg-thumbnail-media\" style=\"--ayg-image-ratio: 16 \/ 9\">\n        <img loading=\"lazy\" src=\"https:\/\/i.ytimg.com\/vi\/K4_4vD-qBr0\/maxresdefault.jpg\" class=\"ayg-thumbnail-image\" width=\"1280\" height=\"720\" alt=\"30.04.2026 \/ M\u00c1S ALL\u00c1 DEL CUADRO... con L\u00e1zaro Le\u00f3n\" decoding=\"async\"\/><div class=\"ayg-thumbnail-now-playing\" style=\"display: none;\">Now Playing<\/div><svg xmlns=\"http:\/\/www.w3.org\/2000\/svg\" fill=\"white\" width=\"40\" height=\"40\" viewBox=\"0 0 24 24\" class=\"ayg-icon ayg-thumbnail-icon-play\" title=\"Play\" aria-label=\"Play\"><path fill-rule=\"evenodd\" d=\"M2.25 12c0-5.385 4.365-9.75 9.75-9.75s9.75 4.365 9.75 9.75-4.365 9.75-9.75 9.75S2.25 17.385 2.25 12Zm14.024-.983a1.125 1.125 0 0 1 0 1.966l-5.603 3.113A1.125 1.125 0 0 1 9 15.113V8.887c0-.857.921-1.4 1.671-.983l5.603 3.113Z\" clip-rule=\"evenodd\" \/><\/svg>        \n    <\/div>\n    <div class=\"ayg-thumbnail-caption\">\n         \n            <div class=\"ayg-thumbnail-title\">30.04.2026 \/ M\u00c1S ALL\u00c1 DEL CUADRO... con L\u00e1zaro Le\u00f3n<\/div>\n         \n                  \n            <div class=\"ayg-thumbnail-description\" style=\"display: none;\">Programa monogr\u00e1fico de Ciclismo<\/div>\n            <\/div>           \n<\/div>                <\/div>\n                            <div class=\"ayg-video ayg-video-SWJErspjWeQ ayg-col ayg-col-3 ayg-col-xs-2\">\n                    <div class=\"ayg-thumbnail\" data-id=\"SWJErspjWeQ\" data-title=\"30.04.2026 \/ Magac\u00edn NORTE 15... con Carlos del Toro\" data-url=\"\">\n    <div class=\"ayg-thumbnail-media\" style=\"--ayg-image-ratio: 16 \/ 9\">\n        <img loading=\"lazy\" src=\"https:\/\/i.ytimg.com\/vi\/SWJErspjWeQ\/maxresdefault.jpg\" class=\"ayg-thumbnail-image\" width=\"1280\" height=\"720\" alt=\"30.04.2026 \/ Magac\u00edn NORTE 15... con Carlos del Toro\" decoding=\"async\"\/><div class=\"ayg-thumbnail-now-playing\" style=\"display: none;\">Now Playing<\/div><svg xmlns=\"http:\/\/www.w3.org\/2000\/svg\" fill=\"white\" width=\"40\" height=\"40\" viewBox=\"0 0 24 24\" class=\"ayg-icon ayg-thumbnail-icon-play\" title=\"Play\" aria-label=\"Play\"><path fill-rule=\"evenodd\" d=\"M2.25 12c0-5.385 4.365-9.75 9.75-9.75s9.75 4.365 9.75 9.75-4.365 9.75-9.75 9.75S2.25 17.385 2.25 12Zm14.024-.983a1.125 1.125 0 0 1 0 1.966l-5.603 3.113A1.125 1.125 0 0 1 9 15.113V8.887c0-.857.921-1.4 1.671-.983l5.603 3.113Z\" clip-rule=\"evenodd\" \/><\/svg>        \n    <\/div>\n    <div class=\"ayg-thumbnail-caption\">\n         \n            <div class=\"ayg-thumbnail-title\">30.04.2026 \/ Magac\u00edn NORTE 15... con Carlos del Toro<\/div>\n         \n                  \n            <div class=\"ayg-thumbnail-description\" style=\"display: none;\"><span class=\"ayg-player-description-less\">Sumario de contenidos... Invitados\/as hoy: Eduardo D\u00e1vila, concejal de Empleo y Desarrollo Local del Ayuntamiento de Tacoronte Ana Yasmina Alonso, responsable territorial del Plan de Empleo de Cruz Roja Canarias <span class=\"ayg-player-description-dots\">...<\/span><\/span><span class=\"ayg-player-description-more\">\/ Lupercio Gonz\u00e1lez, numer\u00f3logo y terapeuta \/ Adriana Garc\u00eda, colaboradora de este magac\u00edn en secci\u00f3n de curiosidades y consejos<\/span><a href=\"#\" class=\"ayg-player-description-toggle-btn\">Show More<\/a><\/div>\n            <\/div>           \n<\/div>                <\/div>\n                            <div class=\"ayg-video ayg-video-QMLLDFMbQ2A ayg-col ayg-col-3 ayg-col-xs-2\">\n                    <div class=\"ayg-thumbnail\" data-id=\"QMLLDFMbQ2A\" data-title=\"30.04.2026 \/ FE DE VIDA... con Fernando D. Medina\" data-url=\"\">\n    <div class=\"ayg-thumbnail-media\" style=\"--ayg-image-ratio: 16 \/ 9\">\n        <img loading=\"lazy\" src=\"https:\/\/i.ytimg.com\/vi\/QMLLDFMbQ2A\/maxresdefault.jpg\" class=\"ayg-thumbnail-image\" width=\"1280\" height=\"720\" alt=\"30.04.2026 \/ FE DE VIDA... con Fernando D. Medina\" decoding=\"async\"\/><div class=\"ayg-thumbnail-now-playing\" style=\"display: none;\">Now Playing<\/div><svg xmlns=\"http:\/\/www.w3.org\/2000\/svg\" fill=\"white\" width=\"40\" height=\"40\" viewBox=\"0 0 24 24\" class=\"ayg-icon ayg-thumbnail-icon-play\" title=\"Play\" aria-label=\"Play\"><path fill-rule=\"evenodd\" d=\"M2.25 12c0-5.385 4.365-9.75 9.75-9.75s9.75 4.365 9.75 9.75-4.365 9.75-9.75 9.75S2.25 17.385 2.25 12Zm14.024-.983a1.125 1.125 0 0 1 0 1.966l-5.603 3.113A1.125 1.125 0 0 1 9 15.113V8.887c0-.857.921-1.4 1.671-.983l5.603 3.113Z\" clip-rule=\"evenodd\" \/><\/svg>        \n    <\/div>\n    <div class=\"ayg-thumbnail-caption\">\n         \n            <div class=\"ayg-thumbnail-title\">30.04.2026 \/ FE DE VIDA... con Fernando D. Medina<\/div>\n         \n                  \n            <div class=\"ayg-thumbnail-description\" style=\"display: none;\">Programa de cultura y entretenimiento<\/div>\n            <\/div>           \n<\/div>                <\/div>\n                            <div class=\"ayg-video ayg-video-qqSLrYUArk8 ayg-col ayg-col-3 ayg-col-xs-2\">\n                    <div class=\"ayg-thumbnail\" data-id=\"qqSLrYUArk8\" data-title=\"29.04.2026 \/ VUELTA R\u00c1PIDA (Automovilismo deportivo)... con Narciso Ramos\" data-url=\"\">\n    <div class=\"ayg-thumbnail-media\" style=\"--ayg-image-ratio: 16 \/ 9\">\n        <img loading=\"lazy\" src=\"https:\/\/i.ytimg.com\/vi\/qqSLrYUArk8\/maxresdefault.jpg\" class=\"ayg-thumbnail-image\" width=\"1280\" height=\"720\" alt=\"29.04.2026 \/ VUELTA R\u00c1PIDA (Automovilismo deportivo)... con Narciso Ramos\" decoding=\"async\"\/><div class=\"ayg-thumbnail-now-playing\" style=\"display: none;\">Now Playing<\/div><svg xmlns=\"http:\/\/www.w3.org\/2000\/svg\" fill=\"white\" width=\"40\" height=\"40\" viewBox=\"0 0 24 24\" class=\"ayg-icon ayg-thumbnail-icon-play\" title=\"Play\" aria-label=\"Play\"><path fill-rule=\"evenodd\" d=\"M2.25 12c0-5.385 4.365-9.75 9.75-9.75s9.75 4.365 9.75 9.75-4.365 9.75-9.75 9.75S2.25 17.385 2.25 12Zm14.024-.983a1.125 1.125 0 0 1 0 1.966l-5.603 3.113A1.125 1.125 0 0 1 9 15.113V8.887c0-.857.921-1.4 1.671-.983l5.603 3.113Z\" clip-rule=\"evenodd\" \/><\/svg>        \n    <\/div>\n    <div class=\"ayg-thumbnail-caption\">\n         \n            <div class=\"ayg-thumbnail-title\">29.04.2026 \/ VUELTA R\u00c1PIDA (Automovilismo deportivo)... con Narciso Ramos<\/div>\n         \n                  \n            <div class=\"ayg-thumbnail-description\" style=\"display: none;\">Intervienen: Julio Palma  y Emilio Ati\u00e9nzar \/\/ #formula1<\/div>\n            <\/div>           \n<\/div>                <\/div>\n                            <div class=\"ayg-video ayg-video-TadYyxJhH0g ayg-col ayg-col-3 ayg-col-xs-2\">\n                    <div class=\"ayg-thumbnail\" data-id=\"TadYyxJhH0g\" data-title=\"29.04.2026 \/ Magac\u00edn NORTE 15... con Carlos del Toro\" data-url=\"\">\n    <div class=\"ayg-thumbnail-media\" style=\"--ayg-image-ratio: 16 \/ 9\">\n        <img loading=\"lazy\" src=\"https:\/\/i.ytimg.com\/vi\/TadYyxJhH0g\/maxresdefault.jpg\" class=\"ayg-thumbnail-image\" width=\"1280\" height=\"720\" alt=\"29.04.2026 \/ Magac\u00edn NORTE 15... con Carlos del Toro\" decoding=\"async\"\/><div class=\"ayg-thumbnail-now-playing\" style=\"display: none;\">Now Playing<\/div><svg xmlns=\"http:\/\/www.w3.org\/2000\/svg\" fill=\"white\" width=\"40\" height=\"40\" viewBox=\"0 0 24 24\" class=\"ayg-icon ayg-thumbnail-icon-play\" title=\"Play\" aria-label=\"Play\"><path fill-rule=\"evenodd\" d=\"M2.25 12c0-5.385 4.365-9.75 9.75-9.75s9.75 4.365 9.75 9.75-4.365 9.75-9.75 9.75S2.25 17.385 2.25 12Zm14.024-.983a1.125 1.125 0 0 1 0 1.966l-5.603 3.113A1.125 1.125 0 0 1 9 15.113V8.887c0-.857.921-1.4 1.671-.983l5.603 3.113Z\" clip-rule=\"evenodd\" \/><\/svg>        \n    <\/div>\n    <div class=\"ayg-thumbnail-caption\">\n         \n            <div class=\"ayg-thumbnail-title\">29.04.2026 \/ Magac\u00edn NORTE 15... con Carlos del Toro<\/div>\n         \n                  \n            <div class=\"ayg-thumbnail-description\" style=\"display: none;\"><span class=\"ayg-player-description-less\">Sumario de contenidos... Invitados\/as hoy: Laura Mordon, representante del Circo Francia \/ David Baute, director y productor de cine y director de FICMEC \/ Kina Rojas, colaboradora de este magac\u00edn <span class=\"ayg-player-description-dots\">...<\/span><\/span><span class=\"ayg-player-description-more\">en secci\u00f3n de agenda cultural<\/span><a href=\"#\" class=\"ayg-player-description-toggle-btn\">Show More<\/a><\/div>\n            <\/div>           \n<\/div>                <\/div>\n                            <div class=\"ayg-video ayg-video-hoh6cVK1-CY ayg-col ayg-col-3 ayg-col-xs-2\">\n                    <div class=\"ayg-thumbnail\" data-id=\"hoh6cVK1-CY\" data-title=\"29.04.2026 EL SURCO... con Fernando de Paz\" data-url=\"\">\n    <div class=\"ayg-thumbnail-media\" style=\"--ayg-image-ratio: 16 \/ 9\">\n        <img loading=\"lazy\" src=\"https:\/\/i.ytimg.com\/vi\/hoh6cVK1-CY\/maxresdefault.jpg\" class=\"ayg-thumbnail-image\" width=\"1280\" height=\"720\" alt=\"29.04.2026 EL SURCO... con Fernando de Paz\" decoding=\"async\"\/><div class=\"ayg-thumbnail-now-playing\" style=\"display: none;\">Now Playing<\/div><svg xmlns=\"http:\/\/www.w3.org\/2000\/svg\" fill=\"white\" width=\"40\" height=\"40\" viewBox=\"0 0 24 24\" class=\"ayg-icon ayg-thumbnail-icon-play\" title=\"Play\" aria-label=\"Play\"><path fill-rule=\"evenodd\" d=\"M2.25 12c0-5.385 4.365-9.75 9.75-9.75s9.75 4.365 9.75 9.75-4.365 9.75-9.75 9.75S2.25 17.385 2.25 12Zm14.024-.983a1.125 1.125 0 0 1 0 1.966l-5.603 3.113A1.125 1.125 0 0 1 9 15.113V8.887c0-.857.921-1.4 1.671-.983l5.603 3.113Z\" clip-rule=\"evenodd\" \/><\/svg>        \n    <\/div>\n    <div class=\"ayg-thumbnail-caption\">\n         \n            <div class=\"ayg-thumbnail-title\">29.04.2026 EL SURCO... con Fernando de Paz<\/div>\n         \n                  \n            <div class=\"ayg-thumbnail-description\" style=\"display: none;\">Programa monogr\u00e1fico del Sector Primario en Canarias<\/div>\n            <\/div>           \n<\/div>                <\/div>\n                            <div class=\"ayg-video ayg-video-mB0GhRh51DQ ayg-col ayg-col-3 ayg-col-xs-2\">\n                    <div class=\"ayg-thumbnail\" data-id=\"mB0GhRh51DQ\" data-title=\"28.04.2026 \/ DEPORTES DE LUCHA... con Javier M\u00e9ndez\" data-url=\"\">\n    <div class=\"ayg-thumbnail-media\" style=\"--ayg-image-ratio: 16 \/ 9\">\n        <img loading=\"lazy\" src=\"https:\/\/i.ytimg.com\/vi\/mB0GhRh51DQ\/maxresdefault.jpg\" class=\"ayg-thumbnail-image\" width=\"1280\" height=\"720\" alt=\"28.04.2026 \/ DEPORTES DE LUCHA... con Javier M\u00e9ndez\" decoding=\"async\"\/><div class=\"ayg-thumbnail-now-playing\" style=\"display: none;\">Now Playing<\/div><svg xmlns=\"http:\/\/www.w3.org\/2000\/svg\" fill=\"white\" width=\"40\" height=\"40\" viewBox=\"0 0 24 24\" class=\"ayg-icon ayg-thumbnail-icon-play\" title=\"Play\" aria-label=\"Play\"><path fill-rule=\"evenodd\" d=\"M2.25 12c0-5.385 4.365-9.75 9.75-9.75s9.75 4.365 9.75 9.75-4.365 9.75-9.75 9.75S2.25 17.385 2.25 12Zm14.024-.983a1.125 1.125 0 0 1 0 1.966l-5.603 3.113A1.125 1.125 0 0 1 9 15.113V8.887c0-.857.921-1.4 1.671-.983l5.603 3.113Z\" clip-rule=\"evenodd\" \/><\/svg>        \n    <\/div>\n    <div class=\"ayg-thumbnail-caption\">\n         \n            <div class=\"ayg-thumbnail-title\">28.04.2026 \/ DEPORTES DE LUCHA... con Javier M\u00e9ndez<\/div>\n         \n                  \n            <div class=\"ayg-thumbnail-description\" style=\"display: none;\">Programa de artes marciales<br \/>\nVovinam Viet Vo Dao<\/div>\n            <\/div>           \n<\/div>                <\/div>\n                            <div class=\"ayg-video ayg-video-woevizjRdrk ayg-col ayg-col-3 ayg-col-xs-2\">\n                    <div class=\"ayg-thumbnail\" data-id=\"woevizjRdrk\" data-title=\"28.04.2026 \/ LIDERARTE... con Hern\u00e1n Carre\u00f1o y Yennimar Rivas\" data-url=\"\">\n    <div class=\"ayg-thumbnail-media\" style=\"--ayg-image-ratio: 16 \/ 9\">\n        <img loading=\"lazy\" src=\"https:\/\/i.ytimg.com\/vi\/woevizjRdrk\/maxresdefault.jpg\" class=\"ayg-thumbnail-image\" width=\"1280\" height=\"720\" alt=\"28.04.2026 \/ LIDERARTE... con Hern\u00e1n Carre\u00f1o y Yennimar Rivas\" decoding=\"async\"\/><div class=\"ayg-thumbnail-now-playing\" style=\"display: none;\">Now Playing<\/div><svg xmlns=\"http:\/\/www.w3.org\/2000\/svg\" fill=\"white\" width=\"40\" height=\"40\" viewBox=\"0 0 24 24\" class=\"ayg-icon ayg-thumbnail-icon-play\" title=\"Play\" aria-label=\"Play\"><path fill-rule=\"evenodd\" d=\"M2.25 12c0-5.385 4.365-9.75 9.75-9.75s9.75 4.365 9.75 9.75-4.365 9.75-9.75 9.75S2.25 17.385 2.25 12Zm14.024-.983a1.125 1.125 0 0 1 0 1.966l-5.603 3.113A1.125 1.125 0 0 1 9 15.113V8.887c0-.857.921-1.4 1.671-.983l5.603 3.113Z\" clip-rule=\"evenodd\" \/><\/svg>        \n    <\/div>\n    <div class=\"ayg-thumbnail-caption\">\n         \n            <div class=\"ayg-thumbnail-title\">28.04.2026 \/ LIDERARTE... con Hern\u00e1n Carre\u00f1o y Yennimar Rivas<\/div>\n         \n                  \n            <div class=\"ayg-thumbnail-description\" style=\"display: none;\">El arte transmutado en liderazgo<\/div>\n            <\/div>           \n<\/div>                <\/div>\n                            <div class=\"ayg-video ayg-video-ycjiyNUcQeE ayg-col ayg-col-3 ayg-col-xs-2\">\n                    <div class=\"ayg-thumbnail\" data-id=\"ycjiyNUcQeE\" data-title=\"27.04.2026 \/ IGLESIA 24\/7... con Francisco Hern\u00e1ndez y Luis Mart\u00edn\" data-url=\"\">\n    <div class=\"ayg-thumbnail-media\" style=\"--ayg-image-ratio: 16 \/ 9\">\n        <img loading=\"lazy\" src=\"https:\/\/i.ytimg.com\/vi\/ycjiyNUcQeE\/maxresdefault.jpg\" class=\"ayg-thumbnail-image\" width=\"1280\" height=\"720\" alt=\"27.04.2026 \/ IGLESIA 24\/7... con Francisco Hern\u00e1ndez y Luis Mart\u00edn\" decoding=\"async\"\/><div class=\"ayg-thumbnail-now-playing\" style=\"display: none;\">Now Playing<\/div><svg xmlns=\"http:\/\/www.w3.org\/2000\/svg\" fill=\"white\" width=\"40\" height=\"40\" viewBox=\"0 0 24 24\" class=\"ayg-icon ayg-thumbnail-icon-play\" title=\"Play\" aria-label=\"Play\"><path fill-rule=\"evenodd\" d=\"M2.25 12c0-5.385 4.365-9.75 9.75-9.75s9.75 4.365 9.75 9.75-4.365 9.75-9.75 9.75S2.25 17.385 2.25 12Zm14.024-.983a1.125 1.125 0 0 1 0 1.966l-5.603 3.113A1.125 1.125 0 0 1 9 15.113V8.887c0-.857.921-1.4 1.671-.983l5.603 3.113Z\" clip-rule=\"evenodd\" \/><\/svg>        \n    <\/div>\n    <div class=\"ayg-thumbnail-caption\">\n         \n            <div class=\"ayg-thumbnail-title\">27.04.2026 \/ IGLESIA 24\/7... con Francisco Hern\u00e1ndez y Luis Mart\u00edn<\/div>\n         \n                  \n            <div class=\"ayg-thumbnail-description\" style=\"display: none;\">Programa de car\u00e1cter religioso<\/div>\n            <\/div>           \n<\/div>                <\/div>\n                            <div class=\"ayg-video ayg-video-FQYi1_a1Jzk ayg-col ayg-col-3 ayg-col-xs-2\">\n                    <div class=\"ayg-thumbnail\" data-id=\"FQYi1_a1Jzk\" data-title=\"27.04.2026 \/ F\u00daTBOL TENERIFE NORTE +... con Narciso Ramos\" data-url=\"\">\n    <div class=\"ayg-thumbnail-media\" style=\"--ayg-image-ratio: 16 \/ 9\">\n        <img loading=\"lazy\" src=\"https:\/\/i.ytimg.com\/vi\/FQYi1_a1Jzk\/maxresdefault.jpg\" class=\"ayg-thumbnail-image\" width=\"1280\" height=\"720\" alt=\"27.04.2026 \/ F\u00daTBOL TENERIFE NORTE +... con Narciso Ramos\" decoding=\"async\"\/><div class=\"ayg-thumbnail-now-playing\" style=\"display: none;\">Now Playing<\/div><svg xmlns=\"http:\/\/www.w3.org\/2000\/svg\" fill=\"white\" width=\"40\" height=\"40\" viewBox=\"0 0 24 24\" class=\"ayg-icon ayg-thumbnail-icon-play\" title=\"Play\" aria-label=\"Play\"><path fill-rule=\"evenodd\" d=\"M2.25 12c0-5.385 4.365-9.75 9.75-9.75s9.75 4.365 9.75 9.75-4.365 9.75-9.75 9.75S2.25 17.385 2.25 12Zm14.024-.983a1.125 1.125 0 0 1 0 1.966l-5.603 3.113A1.125 1.125 0 0 1 9 15.113V8.887c0-.857.921-1.4 1.671-.983l5.603 3.113Z\" clip-rule=\"evenodd\" \/><\/svg>        \n    <\/div>\n    <div class=\"ayg-thumbnail-caption\">\n         \n            <div class=\"ayg-thumbnail-title\">27.04.2026 \/ F\u00daTBOL TENERIFE NORTE +... con Narciso Ramos<\/div>\n         \n                  \n            <div class=\"ayg-thumbnail-description\" style=\"display: none;\">Intervienen: Pedro Gonz\u00e1lez y  Juan Le\u00f3n<\/div>\n            <\/div>           \n<\/div>                <\/div>\n                            <div class=\"ayg-video ayg-video-ewLSHXB1NGo ayg-col ayg-col-3 ayg-col-xs-2\">\n                    <div class=\"ayg-thumbnail\" data-id=\"ewLSHXB1NGo\" data-title=\"24.04.2026 \/ EL NORTE TINERFE\u00d1O CONVERSA\u2026 con Narciso Ramos\" data-url=\"\">\n    <div class=\"ayg-thumbnail-media\" style=\"--ayg-image-ratio: 16 \/ 9\">\n        <img loading=\"lazy\" src=\"https:\/\/i.ytimg.com\/vi\/ewLSHXB1NGo\/maxresdefault.jpg\" class=\"ayg-thumbnail-image\" width=\"1280\" height=\"720\" alt=\"24.04.2026 \/ EL NORTE TINERFE\u00d1O CONVERSA\u2026 con Narciso Ramos\" decoding=\"async\"\/><div class=\"ayg-thumbnail-now-playing\" style=\"display: none;\">Now Playing<\/div><svg xmlns=\"http:\/\/www.w3.org\/2000\/svg\" fill=\"white\" width=\"40\" height=\"40\" viewBox=\"0 0 24 24\" class=\"ayg-icon ayg-thumbnail-icon-play\" title=\"Play\" aria-label=\"Play\"><path fill-rule=\"evenodd\" d=\"M2.25 12c0-5.385 4.365-9.75 9.75-9.75s9.75 4.365 9.75 9.75-4.365 9.75-9.75 9.75S2.25 17.385 2.25 12Zm14.024-.983a1.125 1.125 0 0 1 0 1.966l-5.603 3.113A1.125 1.125 0 0 1 9 15.113V8.887c0-.857.921-1.4 1.671-.983l5.603 3.113Z\" clip-rule=\"evenodd\" \/><\/svg>        \n    <\/div>\n    <div class=\"ayg-thumbnail-caption\">\n         \n            <div class=\"ayg-thumbnail-title\">24.04.2026 \/ EL NORTE TINERFE\u00d1O CONVERSA\u2026 con Narciso Ramos<\/div>\n         \n                  \n            <div class=\"ayg-thumbnail-description\" style=\"display: none;\">Una tertulia con mirada hacia el bien com\u00fan<br \/>\nIntervienen: Agust\u00edn Gajate, Cande Gonz\u00e1lez y Ram\u00f3n Lu\u00eds<\/div>\n            <\/div>           \n<\/div>                <\/div>\n                            <div class=\"ayg-video ayg-video-BEbyuO4EIwE ayg-col ayg-col-3 ayg-col-xs-2\">\n                    <div class=\"ayg-thumbnail\" data-id=\"BEbyuO4EIwE\" data-title=\"23.04.2026 \/ M\u00c1S ALL\u00c1 DEL CUADRO... con L\u00e1zaro Le\u00f3n\" data-url=\"\">\n    <div class=\"ayg-thumbnail-media\" style=\"--ayg-image-ratio: 16 \/ 9\">\n        <img loading=\"lazy\" src=\"https:\/\/i.ytimg.com\/vi\/BEbyuO4EIwE\/maxresdefault.jpg\" class=\"ayg-thumbnail-image\" width=\"1280\" height=\"720\" alt=\"23.04.2026 \/ M\u00c1S ALL\u00c1 DEL CUADRO... con L\u00e1zaro Le\u00f3n\" decoding=\"async\"\/><div class=\"ayg-thumbnail-now-playing\" style=\"display: none;\">Now Playing<\/div><svg xmlns=\"http:\/\/www.w3.org\/2000\/svg\" fill=\"white\" width=\"40\" height=\"40\" viewBox=\"0 0 24 24\" class=\"ayg-icon ayg-thumbnail-icon-play\" title=\"Play\" aria-label=\"Play\"><path fill-rule=\"evenodd\" d=\"M2.25 12c0-5.385 4.365-9.75 9.75-9.75s9.75 4.365 9.75 9.75-4.365 9.75-9.75 9.75S2.25 17.385 2.25 12Zm14.024-.983a1.125 1.125 0 0 1 0 1.966l-5.603 3.113A1.125 1.125 0 0 1 9 15.113V8.887c0-.857.921-1.4 1.671-.983l5.603 3.113Z\" clip-rule=\"evenodd\" \/><\/svg>        \n    <\/div>\n    <div class=\"ayg-thumbnail-caption\">\n         \n            <div class=\"ayg-thumbnail-title\">23.04.2026 \/ M\u00c1S ALL\u00c1 DEL CUADRO... con L\u00e1zaro Le\u00f3n<\/div>\n         \n                  \n            <div class=\"ayg-thumbnail-description\" style=\"display: none;\">Programa monogr\u00e1fico de Ciclismo<\/div>\n            <\/div>           \n<\/div>                <\/div>\n                            <div class=\"ayg-video ayg-video-OdQMEoQDbVU ayg-col ayg-col-3 ayg-col-xs-2\">\n                    <div class=\"ayg-thumbnail\" data-id=\"OdQMEoQDbVU\" data-title=\"23.04.2026 \/ Magac\u00edn NORTE 15... con Carlos del Toro\" data-url=\"\">\n    <div class=\"ayg-thumbnail-media\" style=\"--ayg-image-ratio: 16 \/ 9\">\n        <img loading=\"lazy\" src=\"https:\/\/i.ytimg.com\/vi\/OdQMEoQDbVU\/maxresdefault.jpg\" class=\"ayg-thumbnail-image\" width=\"1280\" height=\"720\" alt=\"23.04.2026 \/ Magac\u00edn NORTE 15... con Carlos del Toro\" decoding=\"async\"\/><div class=\"ayg-thumbnail-now-playing\" style=\"display: none;\">Now Playing<\/div><svg xmlns=\"http:\/\/www.w3.org\/2000\/svg\" fill=\"white\" width=\"40\" height=\"40\" viewBox=\"0 0 24 24\" class=\"ayg-icon ayg-thumbnail-icon-play\" title=\"Play\" aria-label=\"Play\"><path fill-rule=\"evenodd\" d=\"M2.25 12c0-5.385 4.365-9.75 9.75-9.75s9.75 4.365 9.75 9.75-4.365 9.75-9.75 9.75S2.25 17.385 2.25 12Zm14.024-.983a1.125 1.125 0 0 1 0 1.966l-5.603 3.113A1.125 1.125 0 0 1 9 15.113V8.887c0-.857.921-1.4 1.671-.983l5.603 3.113Z\" clip-rule=\"evenodd\" \/><\/svg>        \n    <\/div>\n    <div class=\"ayg-thumbnail-caption\">\n         \n            <div class=\"ayg-thumbnail-title\">23.04.2026 \/ Magac\u00edn NORTE 15... con Carlos del Toro<\/div>\n         \n                  \n            <div class=\"ayg-thumbnail-description\" style=\"display: none;\"><span class=\"ayg-player-description-less\">Sumario de contenidos... Invitados\/as hoy: Diego Brook, gerente de la 'Fundaci\u00f3n Santa Cruz Sostenible' \/ Francis Gonz\u00e1lez, secretario general de CC en Icod de los Vinos y viceconsejero de Infraestructuras <span class=\"ayg-player-description-dots\">...<\/span><\/span><span class=\"ayg-player-description-more\">del Gobierno de Canarias \/ Ismael del Castillo, fisioterapeuta de la 'Fundaci\u00f3n Canaria Oliver Mayor' contra la fibrosis qu\u00edstica<\/span><a href=\"#\" class=\"ayg-player-description-toggle-btn\">Show More<\/a><\/div>\n            <\/div>           \n<\/div>                <\/div>\n                            <div class=\"ayg-video ayg-video-5CMyA0kgZ70 ayg-col ayg-col-3 ayg-col-xs-2\">\n                    <div class=\"ayg-thumbnail\" data-id=\"5CMyA0kgZ70\" data-title=\"23.04.2026 \/ BIBLIOTECA SONORA... con Ayeiza Susana y Luis Guanche\" data-url=\"\">\n    <div class=\"ayg-thumbnail-media\" style=\"--ayg-image-ratio: 16 \/ 9\">\n        <img loading=\"lazy\" src=\"https:\/\/i.ytimg.com\/vi\/5CMyA0kgZ70\/maxresdefault.jpg\" class=\"ayg-thumbnail-image\" width=\"1280\" height=\"720\" alt=\"23.04.2026 \/ BIBLIOTECA SONORA... con Ayeiza Susana y Luis Guanche\" decoding=\"async\"\/><div class=\"ayg-thumbnail-now-playing\" style=\"display: none;\">Now Playing<\/div><svg xmlns=\"http:\/\/www.w3.org\/2000\/svg\" fill=\"white\" width=\"40\" height=\"40\" viewBox=\"0 0 24 24\" class=\"ayg-icon ayg-thumbnail-icon-play\" title=\"Play\" aria-label=\"Play\"><path fill-rule=\"evenodd\" d=\"M2.25 12c0-5.385 4.365-9.75 9.75-9.75s9.75 4.365 9.75 9.75-4.365 9.75-9.75 9.75S2.25 17.385 2.25 12Zm14.024-.983a1.125 1.125 0 0 1 0 1.966l-5.603 3.113A1.125 1.125 0 0 1 9 15.113V8.887c0-.857.921-1.4 1.671-.983l5.603 3.113Z\" clip-rule=\"evenodd\" \/><\/svg>        \n    <\/div>\n    <div class=\"ayg-thumbnail-caption\">\n         \n            <div class=\"ayg-thumbnail-title\">23.04.2026 \/ BIBLIOTECA SONORA... con Ayeiza Susana y Luis Guanche<\/div>\n         \n                  \n            <div class=\"ayg-thumbnail-description\" style=\"display: none;\">Programa cultural y social<\/div>\n            <\/div>           \n<\/div>                <\/div>\n                            <div class=\"ayg-video ayg-video-szAJytIps8Y ayg-col ayg-col-3 ayg-col-xs-2\">\n                    <div class=\"ayg-thumbnail\" data-id=\"szAJytIps8Y\" data-title=\"22.04.2026 \/ Magac\u00edn NORTE 15... con Carlos del Toro\" data-url=\"\">\n    <div class=\"ayg-thumbnail-media\" style=\"--ayg-image-ratio: 16 \/ 9\">\n        <img loading=\"lazy\" src=\"https:\/\/i.ytimg.com\/vi\/szAJytIps8Y\/maxresdefault.jpg\" class=\"ayg-thumbnail-image\" width=\"1280\" height=\"720\" alt=\"22.04.2026 \/ Magac\u00edn NORTE 15... con Carlos del Toro\" decoding=\"async\"\/><div class=\"ayg-thumbnail-now-playing\" style=\"display: none;\">Now Playing<\/div><svg xmlns=\"http:\/\/www.w3.org\/2000\/svg\" fill=\"white\" width=\"40\" height=\"40\" viewBox=\"0 0 24 24\" class=\"ayg-icon ayg-thumbnail-icon-play\" title=\"Play\" aria-label=\"Play\"><path fill-rule=\"evenodd\" d=\"M2.25 12c0-5.385 4.365-9.75 9.75-9.75s9.75 4.365 9.75 9.75-4.365 9.75-9.75 9.75S2.25 17.385 2.25 12Zm14.024-.983a1.125 1.125 0 0 1 0 1.966l-5.603 3.113A1.125 1.125 0 0 1 9 15.113V8.887c0-.857.921-1.4 1.671-.983l5.603 3.113Z\" clip-rule=\"evenodd\" \/><\/svg>        \n    <\/div>\n    <div class=\"ayg-thumbnail-caption\">\n         \n            <div class=\"ayg-thumbnail-title\">22.04.2026 \/ Magac\u00edn NORTE 15... con Carlos del Toro<\/div>\n         \n                  \n            <div class=\"ayg-thumbnail-description\" style=\"display: none;\"><span class=\"ayg-player-description-less\">Sumario de contenidos... Invitados\/as hoy: Stella \u00c1lvarez, asesora inmobiliaria \/ Alejandro de Vera, director del Museo de Ciencias Naturales de Tenerife \/ Luis Cruz, gerente de zona norte del grupo <span class=\"ayg-player-description-dots\">...<\/span><\/span><span class=\"ayg-player-description-more\">'Albia' \/ Kina Rojas, colaboradora de este magac\u00edn en secci\u00f3n de agenda cultural<\/span><a href=\"#\" class=\"ayg-player-description-toggle-btn\">Show More<\/a><\/div>\n            <\/div>           \n<\/div>                <\/div>\n                            <div class=\"ayg-video ayg-video-U6MglzJZgVE ayg-col ayg-col-3 ayg-col-xs-2\">\n                    <div class=\"ayg-thumbnail\" data-id=\"U6MglzJZgVE\" data-title=\"22.04.2026 EL SURCO... con Fernando de Paz\" data-url=\"\">\n    <div class=\"ayg-thumbnail-media\" style=\"--ayg-image-ratio: 16 \/ 9\">\n        <img loading=\"lazy\" src=\"https:\/\/i.ytimg.com\/vi\/U6MglzJZgVE\/maxresdefault.jpg\" class=\"ayg-thumbnail-image\" width=\"1280\" height=\"720\" alt=\"22.04.2026 EL SURCO... con Fernando de Paz\" decoding=\"async\"\/><div class=\"ayg-thumbnail-now-playing\" style=\"display: none;\">Now Playing<\/div><svg xmlns=\"http:\/\/www.w3.org\/2000\/svg\" fill=\"white\" width=\"40\" height=\"40\" viewBox=\"0 0 24 24\" class=\"ayg-icon ayg-thumbnail-icon-play\" title=\"Play\" aria-label=\"Play\"><path fill-rule=\"evenodd\" d=\"M2.25 12c0-5.385 4.365-9.75 9.75-9.75s9.75 4.365 9.75 9.75-4.365 9.75-9.75 9.75S2.25 17.385 2.25 12Zm14.024-.983a1.125 1.125 0 0 1 0 1.966l-5.603 3.113A1.125 1.125 0 0 1 9 15.113V8.887c0-.857.921-1.4 1.671-.983l5.603 3.113Z\" clip-rule=\"evenodd\" \/><\/svg>        \n    <\/div>\n    <div class=\"ayg-thumbnail-caption\">\n         \n            <div class=\"ayg-thumbnail-title\">22.04.2026 EL SURCO... con Fernando de Paz<\/div>\n         \n                  \n            <div class=\"ayg-thumbnail-description\" style=\"display: none;\">Programa monogr\u00e1fico del Sector Primario en Canarias<\/div>\n            <\/div>           \n<\/div>                <\/div>\n                            <div class=\"ayg-video ayg-video-1uGnM7ufwnQ ayg-col ayg-col-3 ayg-col-xs-2\">\n                    <div class=\"ayg-thumbnail\" data-id=\"1uGnM7ufwnQ\" data-title=\"21.04.2026 \/ FE DE VIDA... con Fernando D. Medina\" data-url=\"\">\n    <div class=\"ayg-thumbnail-media\" style=\"--ayg-image-ratio: 16 \/ 9\">\n        <img loading=\"lazy\" src=\"https:\/\/i.ytimg.com\/vi\/1uGnM7ufwnQ\/maxresdefault.jpg\" class=\"ayg-thumbnail-image\" width=\"1280\" height=\"720\" alt=\"21.04.2026 \/ FE DE VIDA... con Fernando D. Medina\" decoding=\"async\"\/><div class=\"ayg-thumbnail-now-playing\" style=\"display: none;\">Now Playing<\/div><svg xmlns=\"http:\/\/www.w3.org\/2000\/svg\" fill=\"white\" width=\"40\" height=\"40\" viewBox=\"0 0 24 24\" class=\"ayg-icon ayg-thumbnail-icon-play\" title=\"Play\" aria-label=\"Play\"><path fill-rule=\"evenodd\" d=\"M2.25 12c0-5.385 4.365-9.75 9.75-9.75s9.75 4.365 9.75 9.75-4.365 9.75-9.75 9.75S2.25 17.385 2.25 12Zm14.024-.983a1.125 1.125 0 0 1 0 1.966l-5.603 3.113A1.125 1.125 0 0 1 9 15.113V8.887c0-.857.921-1.4 1.671-.983l5.603 3.113Z\" clip-rule=\"evenodd\" \/><\/svg>        \n    <\/div>\n    <div class=\"ayg-thumbnail-caption\">\n         \n            <div class=\"ayg-thumbnail-title\">21.04.2026 \/ FE DE VIDA... con Fernando D. Medina<\/div>\n         \n                  \n            <div class=\"ayg-thumbnail-description\" style=\"display: none;\">Programa de cultura y entretenimiento<\/div>\n            <\/div>           \n<\/div>                <\/div>\n                            <div class=\"ayg-video ayg-video-llqpvNkJpmU ayg-col ayg-col-3 ayg-col-xs-2\">\n                    <div class=\"ayg-thumbnail\" data-id=\"llqpvNkJpmU\" data-title=\"20.04.2026 \/ IGLESIA 24\/7... con Francisco Hern\u00e1ndez y Luis Mart\u00edn\" data-url=\"\">\n    <div class=\"ayg-thumbnail-media\" style=\"--ayg-image-ratio: 16 \/ 9\">\n        <img loading=\"lazy\" src=\"https:\/\/i.ytimg.com\/vi\/llqpvNkJpmU\/maxresdefault.jpg\" class=\"ayg-thumbnail-image\" width=\"1280\" height=\"720\" alt=\"20.04.2026 \/ IGLESIA 24\/7... con Francisco Hern\u00e1ndez y Luis Mart\u00edn\" decoding=\"async\"\/><div class=\"ayg-thumbnail-now-playing\" style=\"display: none;\">Now Playing<\/div><svg xmlns=\"http:\/\/www.w3.org\/2000\/svg\" fill=\"white\" width=\"40\" height=\"40\" viewBox=\"0 0 24 24\" class=\"ayg-icon ayg-thumbnail-icon-play\" title=\"Play\" aria-label=\"Play\"><path fill-rule=\"evenodd\" d=\"M2.25 12c0-5.385 4.365-9.75 9.75-9.75s9.75 4.365 9.75 9.75-4.365 9.75-9.75 9.75S2.25 17.385 2.25 12Zm14.024-.983a1.125 1.125 0 0 1 0 1.966l-5.603 3.113A1.125 1.125 0 0 1 9 15.113V8.887c0-.857.921-1.4 1.671-.983l5.603 3.113Z\" clip-rule=\"evenodd\" \/><\/svg>        \n    <\/div>\n    <div class=\"ayg-thumbnail-caption\">\n         \n            <div class=\"ayg-thumbnail-title\">20.04.2026 \/ IGLESIA 24\/7... con Francisco Hern\u00e1ndez y Luis Mart\u00edn<\/div>\n         \n                  \n            <div class=\"ayg-thumbnail-description\" style=\"display: none;\">Programa de car\u00e1cter religioso<\/div>\n            <\/div>           \n<\/div>                <\/div>\n                            <div class=\"ayg-video ayg-video-CjjjdPh5O28 ayg-col ayg-col-3 ayg-col-xs-2\">\n                    <div class=\"ayg-thumbnail\" data-id=\"CjjjdPh5O28\" data-title=\"20.04.2026 \/ F\u00daTBOL TENERIFE NORTE +... con Narciso Ramos\" data-url=\"\">\n    <div class=\"ayg-thumbnail-media\" style=\"--ayg-image-ratio: 16 \/ 9\">\n        <img loading=\"lazy\" src=\"https:\/\/i.ytimg.com\/vi\/CjjjdPh5O28\/maxresdefault.jpg\" class=\"ayg-thumbnail-image\" width=\"1280\" height=\"720\" alt=\"20.04.2026 \/ F\u00daTBOL TENERIFE NORTE +... con Narciso Ramos\" decoding=\"async\"\/><div class=\"ayg-thumbnail-now-playing\" style=\"display: none;\">Now Playing<\/div><svg xmlns=\"http:\/\/www.w3.org\/2000\/svg\" fill=\"white\" width=\"40\" height=\"40\" viewBox=\"0 0 24 24\" class=\"ayg-icon ayg-thumbnail-icon-play\" title=\"Play\" aria-label=\"Play\"><path fill-rule=\"evenodd\" d=\"M2.25 12c0-5.385 4.365-9.75 9.75-9.75s9.75 4.365 9.75 9.75-4.365 9.75-9.75 9.75S2.25 17.385 2.25 12Zm14.024-.983a1.125 1.125 0 0 1 0 1.966l-5.603 3.113A1.125 1.125 0 0 1 9 15.113V8.887c0-.857.921-1.4 1.671-.983l5.603 3.113Z\" clip-rule=\"evenodd\" \/><\/svg>        \n    <\/div>\n    <div class=\"ayg-thumbnail-caption\">\n         \n            <div class=\"ayg-thumbnail-title\">20.04.2026 \/ F\u00daTBOL TENERIFE NORTE +... con Narciso Ramos<\/div>\n         \n                  \n            <div class=\"ayg-thumbnail-description\" style=\"display: none;\">Intervienen: Pedro Gonz\u00e1lez, Juan Le\u00f3n y Adolfo Hern\u00e1ndez<\/div>\n            <\/div>           \n<\/div>                <\/div>\n                            <div class=\"ayg-video ayg-video-ZpCSPoidqls ayg-col ayg-col-3 ayg-col-xs-2\">\n                    <div class=\"ayg-thumbnail\" data-id=\"ZpCSPoidqls\" data-title=\"17.04.2026 \/ EL NORTE TINERFE\u00d1O CONVERSA\u2026 con Narciso Ramos\" data-url=\"\">\n    <div class=\"ayg-thumbnail-media\" style=\"--ayg-image-ratio: 16 \/ 9\">\n        <img loading=\"lazy\" src=\"https:\/\/i.ytimg.com\/vi\/ZpCSPoidqls\/maxresdefault.jpg\" class=\"ayg-thumbnail-image\" width=\"1280\" height=\"720\" alt=\"17.04.2026 \/ EL NORTE TINERFE\u00d1O CONVERSA\u2026 con Narciso Ramos\" decoding=\"async\"\/><div class=\"ayg-thumbnail-now-playing\" style=\"display: none;\">Now Playing<\/div><svg xmlns=\"http:\/\/www.w3.org\/2000\/svg\" fill=\"white\" width=\"40\" height=\"40\" viewBox=\"0 0 24 24\" class=\"ayg-icon ayg-thumbnail-icon-play\" title=\"Play\" aria-label=\"Play\"><path fill-rule=\"evenodd\" d=\"M2.25 12c0-5.385 4.365-9.75 9.75-9.75s9.75 4.365 9.75 9.75-4.365 9.75-9.75 9.75S2.25 17.385 2.25 12Zm14.024-.983a1.125 1.125 0 0 1 0 1.966l-5.603 3.113A1.125 1.125 0 0 1 9 15.113V8.887c0-.857.921-1.4 1.671-.983l5.603 3.113Z\" clip-rule=\"evenodd\" \/><\/svg>        \n    <\/div>\n    <div class=\"ayg-thumbnail-caption\">\n         \n            <div class=\"ayg-thumbnail-title\">17.04.2026 \/ EL NORTE TINERFE\u00d1O CONVERSA\u2026 con Narciso Ramos<\/div>\n         \n                  \n            <div class=\"ayg-thumbnail-description\" style=\"display: none;\">Una tertulia con mirada hacia el bien com\u00fan<br \/>\nIntervienen: Ram\u00f3n Lu\u00eds, Isabel Garc\u00eda, Agust\u00edn Gajate y Cande Gonz\u00e1lez<\/div>\n            <\/div>           \n<\/div>                <\/div>\n                            <div class=\"ayg-video ayg-video-x26hd9UoLYM ayg-col ayg-col-3 ayg-col-xs-2\">\n                    <div class=\"ayg-thumbnail\" data-id=\"x26hd9UoLYM\" data-title=\"17.04.2026 Especial &#039;Factor\u00eda Social&#039;\" data-url=\"\">\n    <div class=\"ayg-thumbnail-media\" style=\"--ayg-image-ratio: 16 \/ 9\">\n        <img loading=\"lazy\" src=\"https:\/\/i.ytimg.com\/vi\/x26hd9UoLYM\/maxresdefault.jpg\" class=\"ayg-thumbnail-image\" width=\"1280\" height=\"720\" alt=\"17.04.2026 Especial &#039;Factor\u00eda Social&#039;\" decoding=\"async\"\/><div class=\"ayg-thumbnail-now-playing\" style=\"display: none;\">Now Playing<\/div><svg xmlns=\"http:\/\/www.w3.org\/2000\/svg\" fill=\"white\" width=\"40\" height=\"40\" viewBox=\"0 0 24 24\" class=\"ayg-icon ayg-thumbnail-icon-play\" title=\"Play\" aria-label=\"Play\"><path fill-rule=\"evenodd\" d=\"M2.25 12c0-5.385 4.365-9.75 9.75-9.75s9.75 4.365 9.75 9.75-4.365 9.75-9.75 9.75S2.25 17.385 2.25 12Zm14.024-.983a1.125 1.125 0 0 1 0 1.966l-5.603 3.113A1.125 1.125 0 0 1 9 15.113V8.887c0-.857.921-1.4 1.671-.983l5.603 3.113Z\" clip-rule=\"evenodd\" \/><\/svg>        \n    <\/div>\n    <div class=\"ayg-thumbnail-caption\">\n         \n            <div class=\"ayg-thumbnail-title\">17.04.2026 Especial &#039;Factor\u00eda Social&#039;<\/div>\n         \n                  \n            <div class=\"ayg-thumbnail-description\" style=\"display: none;\">Club de lectura del proyecto 'Somos Red'<\/div>\n            <\/div>           \n<\/div>                <\/div>\n                            <div class=\"ayg-video ayg-video-jnu_sQgGBbk ayg-col ayg-col-3 ayg-col-xs-2\">\n                    <div class=\"ayg-thumbnail\" data-id=\"jnu_sQgGBbk\" data-title=\"16.04.2026 \/ M\u00c1S ALL\u00c1 DEL CUADRO... con L\u00e1zaro Le\u00f3n\" data-url=\"\">\n    <div class=\"ayg-thumbnail-media\" style=\"--ayg-image-ratio: 16 \/ 9\">\n        <img loading=\"lazy\" src=\"https:\/\/i.ytimg.com\/vi\/jnu_sQgGBbk\/maxresdefault.jpg\" class=\"ayg-thumbnail-image\" width=\"1280\" height=\"720\" alt=\"16.04.2026 \/ M\u00c1S ALL\u00c1 DEL CUADRO... con L\u00e1zaro Le\u00f3n\" decoding=\"async\"\/><div class=\"ayg-thumbnail-now-playing\" style=\"display: none;\">Now Playing<\/div><svg xmlns=\"http:\/\/www.w3.org\/2000\/svg\" fill=\"white\" width=\"40\" height=\"40\" viewBox=\"0 0 24 24\" class=\"ayg-icon ayg-thumbnail-icon-play\" title=\"Play\" aria-label=\"Play\"><path fill-rule=\"evenodd\" d=\"M2.25 12c0-5.385 4.365-9.75 9.75-9.75s9.75 4.365 9.75 9.75-4.365 9.75-9.75 9.75S2.25 17.385 2.25 12Zm14.024-.983a1.125 1.125 0 0 1 0 1.966l-5.603 3.113A1.125 1.125 0 0 1 9 15.113V8.887c0-.857.921-1.4 1.671-.983l5.603 3.113Z\" clip-rule=\"evenodd\" \/><\/svg>        \n    <\/div>\n    <div class=\"ayg-thumbnail-caption\">\n         \n            <div class=\"ayg-thumbnail-title\">16.04.2026 \/ M\u00c1S ALL\u00c1 DEL CUADRO... con L\u00e1zaro Le\u00f3n<\/div>\n         \n                  \n            <div class=\"ayg-thumbnail-description\" style=\"display: none;\">Programa monogr\u00e1fico de Ciclismo<\/div>\n            <\/div>           \n<\/div>                <\/div>\n                            <div class=\"ayg-video ayg-video-JcRVE5uocUw ayg-col ayg-col-3 ayg-col-xs-2\">\n                    <div class=\"ayg-thumbnail\" data-id=\"JcRVE5uocUw\" data-title=\"16.04.2026 \/ FE DE VIDA... con Fernando D. Medina\" data-url=\"\">\n    <div class=\"ayg-thumbnail-media\" style=\"--ayg-image-ratio: 16 \/ 9\">\n        <img loading=\"lazy\" src=\"https:\/\/i.ytimg.com\/vi\/JcRVE5uocUw\/maxresdefault.jpg\" class=\"ayg-thumbnail-image\" width=\"1280\" height=\"720\" alt=\"16.04.2026 \/ FE DE VIDA... con Fernando D. Medina\" decoding=\"async\"\/><div class=\"ayg-thumbnail-now-playing\" style=\"display: none;\">Now Playing<\/div><svg xmlns=\"http:\/\/www.w3.org\/2000\/svg\" fill=\"white\" width=\"40\" height=\"40\" viewBox=\"0 0 24 24\" class=\"ayg-icon ayg-thumbnail-icon-play\" title=\"Play\" aria-label=\"Play\"><path fill-rule=\"evenodd\" d=\"M2.25 12c0-5.385 4.365-9.75 9.75-9.75s9.75 4.365 9.75 9.75-4.365 9.75-9.75 9.75S2.25 17.385 2.25 12Zm14.024-.983a1.125 1.125 0 0 1 0 1.966l-5.603 3.113A1.125 1.125 0 0 1 9 15.113V8.887c0-.857.921-1.4 1.671-.983l5.603 3.113Z\" clip-rule=\"evenodd\" \/><\/svg>        \n    <\/div>\n    <div class=\"ayg-thumbnail-caption\">\n         \n            <div class=\"ayg-thumbnail-title\">16.04.2026 \/ FE DE VIDA... con Fernando D. Medina<\/div>\n         \n                  \n            <div class=\"ayg-thumbnail-description\" style=\"display: none;\">Programa de cultura y entretenimiento<\/div>\n            <\/div>           \n<\/div>                <\/div>\n                            <div class=\"ayg-video ayg-video-eKx4FEdsg3M ayg-col ayg-col-3 ayg-col-xs-2\">\n                    <div class=\"ayg-thumbnail\" data-id=\"eKx4FEdsg3M\" data-title=\"16.04.2026 \/ Magac\u00edn NORTE 15... con Carlos del Toro\" data-url=\"\">\n    <div class=\"ayg-thumbnail-media\" style=\"--ayg-image-ratio: 16 \/ 9\">\n        <img loading=\"lazy\" src=\"https:\/\/i.ytimg.com\/vi\/eKx4FEdsg3M\/maxresdefault.jpg\" class=\"ayg-thumbnail-image\" width=\"1280\" height=\"720\" alt=\"16.04.2026 \/ Magac\u00edn NORTE 15... con Carlos del Toro\" decoding=\"async\"\/><div class=\"ayg-thumbnail-now-playing\" style=\"display: none;\">Now Playing<\/div><svg xmlns=\"http:\/\/www.w3.org\/2000\/svg\" fill=\"white\" width=\"40\" height=\"40\" viewBox=\"0 0 24 24\" class=\"ayg-icon ayg-thumbnail-icon-play\" title=\"Play\" aria-label=\"Play\"><path fill-rule=\"evenodd\" d=\"M2.25 12c0-5.385 4.365-9.75 9.75-9.75s9.75 4.365 9.75 9.75-4.365 9.75-9.75 9.75S2.25 17.385 2.25 12Zm14.024-.983a1.125 1.125 0 0 1 0 1.966l-5.603 3.113A1.125 1.125 0 0 1 9 15.113V8.887c0-.857.921-1.4 1.671-.983l5.603 3.113Z\" clip-rule=\"evenodd\" \/><\/svg>        \n    <\/div>\n    <div class=\"ayg-thumbnail-caption\">\n         \n            <div class=\"ayg-thumbnail-title\">16.04.2026 \/ Magac\u00edn NORTE 15... con Carlos del Toro<\/div>\n         \n                  \n            <div class=\"ayg-thumbnail-description\" style=\"display: none;\"><span class=\"ayg-player-description-less\">Sumario de contenidos... Invitados\/as hoy: Mar\u00eda Victoria Mart\u00ednez, presidenta de la Asociaci\u00f3n Cultural \u2018Alisios\u2019 \/ Francisco Gonz\u00e1lez (Kala), profesor de Ense\u00f1anzas Deportivas en el IES La Guancha - Jer\u00f3nimo Morales <span class=\"ayg-player-description-dots\">...<\/span><\/span><span class=\"ayg-player-description-more\">Barroso \/ Adriana Garc\u00eda, colaboradora de este magac\u00edn en secci\u00f3n de curiosidades y consejos<\/span><a href=\"#\" class=\"ayg-player-description-toggle-btn\">Show More<\/a><\/div>\n            <\/div>           \n<\/div>                <\/div>\n                    <\/div>\n        <ayg-pagination class=\"ayg-pagination\" data-params=\"{&quot;uid&quot;:&quot;88c7aef57b7d8566d0bcd28cf9aad4ae&quot;,&quot;post_id&quot;:24,&quot;type&quot;:&quot;channel&quot;,&quot;src&quot;:&quot;UCRCIxUc4acqzwefuYreiKlA&quot;,&quot;order&quot;:&quot;relevance&quot;,&quot;limit&quot;:500,&quot;per_page&quot;:24,&quot;cache&quot;:3600,&quot;columns&quot;:3,&quot;thumb_ratio&quot;:56.25,&quot;thumb_title&quot;:1,&quot;thumb_title_length&quot;:0,&quot;thumb_excerpt&quot;:0,&quot;thumb_excerpt_length&quot;:75,&quot;player_description&quot;:1,&quot;total_pages&quot;:97,&quot;paged&quot;:1,&quot;next_page_token&quot;:&quot;EAAaHlBUOkNCZ2lFRVkxUWpBeU5UQkRNVVUwTlRKRU9ESQ&quot;,&quot;prev_page_token&quot;:&quot;&quot;,&quot;deeplinking&quot;:0}\">\n            <div class=\"ayg-pagination-next\">\n            <button type=\"button\" class=\"ayg-btn ayg-pagination-next-btn\" data-type=\"more\">Load More<\/button>\n        <\/div>\n    <\/ayg-pagination>    <\/ayg-theme-inline>\n<\/div>\n","protected":false},"excerpt":{"rendered":"<p>\u00daltimos programas emitidos<\/p>\n","protected":false},"author":1,"featured_media":187,"parent":0,"menu_order":0,"comment_status":"closed","ping_status":"closed","template":"","meta":{"footnotes":""},"class_list":["post-24","page","type-page","status-publish","has-post-thumbnail","hentry"],"_links":{"self":[{"href":"https:\/\/www.ycodendauteradio.net\/index.php\/wp-json\/wp\/v2\/pages\/24","targetHints":{"allow":["GET"]}}],"collection":[{"href":"https:\/\/www.ycodendauteradio.net\/index.php\/wp-json\/wp\/v2\/pages"}],"about":[{"href":"https:\/\/www.ycodendauteradio.net\/index.php\/wp-json\/wp\/v2\/types\/page"}],"author":[{"embeddable":true,"href":"https:\/\/www.ycodendauteradio.net\/index.php\/wp-json\/wp\/v2\/users\/1"}],"replies":[{"embeddable":true,"href":"https:\/\/www.ycodendauteradio.net\/index.php\/wp-json\/wp\/v2\/comments?post=24"}],"version-history":[{"count":32,"href":"https:\/\/www.ycodendauteradio.net\/index.php\/wp-json\/wp\/v2\/pages\/24\/revisions"}],"predecessor-version":[{"id":215,"href":"https:\/\/www.ycodendauteradio.net\/index.php\/wp-json\/wp\/v2\/pages\/24\/revisions\/215"}],"wp:featuredmedia":[{"embeddable":true,"href":"https:\/\/www.ycodendauteradio.net\/index.php\/wp-json\/wp\/v2\/media\/187"}],"wp:attachment":[{"href":"https:\/\/www.ycodendauteradio.net\/index.php\/wp-json\/wp\/v2\/media?parent=24"}],"curies":[{"name":"wp","href":"https:\/\/api.w.org\/{rel}","templated":true}]}}